{"id":4466,"date":"2015-08-22T10:30:25","date_gmt":"2015-08-22T10:30:25","guid":{"rendered":"http:\/\/waterrijck.watersportoutdoorshop.nl\/home-2\/"},"modified":"2020-01-14T13:05:07","modified_gmt":"2020-01-14T13:05:07","slug":"home-2","status":"publish","type":"page","link":"https:\/\/www.waterrijck.com\/de\/","title":{"rendered":"Home"},"content":{"rendered":"<p>[vc_row full_width=&#8220;stretch_row_content_no_spaces&#8220; enable_overlay=&#8220;&#8220; el_class=&#8220;awe-table&#8220; css=&#8220;.vc_custom_1477907238985{margin-bottom: 0px !important;}&#8220;][vc_column][rev_slider_vc alias=&#8220;home-slider-du&#8220;][\/vc_column][\/vc_row][vc_row css=&#8220;.vc_custom_1529327330220{margin-top: 40px !important;margin-bottom: 40px !important;}&#8220;][vc_column width=&#8220;1\/2&#8243;]<div class=\"awe-special-heading text-left\" style=\"color:#232323;\"><h2>WATERRIJCK STAVOREN<\/h2><div class=\"awe-subheading below\"><p>Luxuri\u00f6se, frei stehende Ferienwohnungen im wasserreichen Friesland<\/p><\/div><\/div>[vc_column_text size=&#8220;0&#8243;]M\u00f6chten Sie das wasserreiche Friesland erleben? In den Ferienwohnungen von Waterrijck Stavoren l\u00e4sst es sich herrlich komfortabel entspannen. Der kleine, \u00fcbersichtliche Park liegt nur circa 200 Meter vom IJsselmeer und dem friesischen Hansest\u00e4dtchen Stavoren entfernt. Die Ferienh\u00e4user sind im Landhausstil oder als Wohnungen mit eigener Bootsanlegestelle gebaut. Der Jachthafen Marina Stavoren liegt direkt neben dem Park. Der Park selbst bietet Ihnen viele Erholungsm\u00f6glichkeiten. Wunderbar frische Luft genie\u00dfen bei Wanderungen auf dem IJsselmeerdeich, zum Beispiel. Die Ruhe und Weite der pr\u00e4chtigen Naturgebiete Frieslands in sich aufnehmen \u2013 oder das Gegenprogramm, Wassersport voll Action und Spa\u00df. Das sind nur ein paar von vielen Optionen![\/vc_column_text]<div class=\"awe-btn-container awe-btn-left\"><a class=\"awe-btn awe-btn-normal awe-btn-outline\" href=\"\/over-waterrijck\/\" title=\"Lees verder\" style=\"color:;border-color:;\" target=\"_blank\">Lesen Sie weiter<\/a><\/div>[\/vc_column][vc_column width=&#8220;1\/2&#8243;][vc_single_image image=&#8220;3548&#8243; img_size=&#8220;full&#8220; alignment=&#8220;center&#8220;][\/vc_column][\/vc_row][vc_row enable_overlay=&#8220;&#8220; css=&#8220;.vc_custom_1529327339274{margin-top: 40px !important;margin-bottom: 40px !important;}&#8220;][vc_column width=&#8220;1\/2&#8243;][vc_single_image image=&#8220;3554&#8243; img_size=&#8220;full&#8220; alignment=&#8220;center&#8220;][\/vc_column][vc_column width=&#8220;1\/2&#8243;]<div class=\"awe-special-heading text-left\" style=\"color:#232323;\"><h2>EINRICHTUNGEN<\/h2><\/div>[vc_column_text size=&#8220;0&#8243;]In der sch\u00f6nsten \u201a\u201aEcke\u2018\u2018 Frieslands, zwischen dem IJsselmeer und den friesischen Seen, stehen luxuri\u00f6se Ferienunterk\u00fcnfte in diversen Varianten, mit rings umhin viel Platz. Alle dieser Wohnungen haben einen Steg zum Anlegen, gr\u00f6\u00dftenteils direkt beim Haus. Sie haben die Wahl zwischen verschiedenen Ferienhaustypen im Park. So erleben Sie direkt das Beste, was Friesland seinen G\u00e4sten zu bieten hat.[\/vc_column_text][vc_row_inner][vc_column_inner width=&#8220;1\/2&#8243;]\t\t<div>\n\t\t\t<ul class=\"awe-icon2  awe-icon2--grid\">\n\t\t\t\t\n\t\t\t\t<li>\n\t\t\t\t\t<i class=\"awe-icon2__icon  hillter hillter-icon-cart\" style=\"color: #444444\"><\/i>\n\n\t\t\t\t\t\t\t\t\t\t\t<p class=\"awe-icon2__title--inline\">Kaffeemaschine<\/p>\n\t\t\t\t\t\t\t\t\t<\/li>\n\n\t\t\t\t\n\t\t\t\t<li>\n\t\t\t\t\t<i class=\"awe-icon2__icon  hillter hillter-icon-microphone\" style=\"color: #444444\"><\/i>\n\n\t\t\t\t\t\t\t\t\t\t\t<p class=\"awe-icon2__title--inline\">Fernsehen<\/p>\n\t\t\t\t\t\t\t\t\t<\/li>\n\n\t\t\t\t\n\t\t\t\t<li>\n\t\t\t\t\t<i class=\"awe-icon2__icon  fa fa-music\" style=\"color: #444444\"><\/i>\n\n\t\t\t\t\t\t\t\t\t\t\t<p class=\"awe-icon2__title--inline\">Radio \/ CD-Spieler<\/p>\n\t\t\t\t\t\t\t\t\t<\/li>\n\n\t\t\t\t\t\t\t<\/ul>\n\t\t<\/div>\n\t\t[\/vc_column_inner][vc_column_inner width=&#8220;1\/2&#8243;]\t\t<div>\n\t\t\t<ul class=\"awe-icon2  awe-icon2--grid\">\n\t\t\t\t\n\t\t\t\t<li>\n\t\t\t\t\t<i class=\"awe-icon2__icon  hillter2 hillter-icon-air-conditioner\" style=\"color: #444444\"><\/i>\n\n\t\t\t\t\t\t\t\t\t\t\t<p class=\"awe-icon2__title--inline\">Gaskamin<\/p>\n\t\t\t\t\t\t\t\t\t<\/li>\n\n\t\t\t\t\n\t\t\t\t<li>\n\t\t\t\t\t<i class=\"awe-icon2__icon  hillter-icon-decor\" style=\"color: #444444\"><\/i>\n\n\t\t\t\t\t\t\t\t\t\t\t<p class=\"awe-icon2__title--inline\">Bequeme Gartenm\u00f6bel<\/p>\n\t\t\t\t\t\t\t\t\t<\/li>\n\n\t\t\t\t\n\t\t\t\t<li>\n\t\t\t\t\t<i class=\"awe-icon2__icon  hillter hillter-icon-hangers\" style=\"color: #444444\"><\/i>\n\n\t\t\t\t\t\t\t\t\t\t\t<p class=\"awe-icon2__title--inline\">Waschmaschine, Trockner<\/p>\n\t\t\t\t\t\t\t\t\t<\/li>\n\n\t\t\t\t\t\t\t<\/ul>\n\t\t<\/div>\n\t\t[\/vc_column_inner][\/vc_row_inner][\/vc_column][\/vc_row][vc_row full_width=&#8220;stretch_row&#8220; enable_overlay=&#8220;true&#8220; css=&#8220;.vc_custom_1579007105296{margin-top: 40px !important;margin-bottom: 40px !important;padding-top: 100px !important;padding-bottom: 100px !important;background-position: center !important;background-repeat: no-repeat !important;background-size: cover !important;}&#8220;][vc_column]\t\t\t\n\t\t\t<div class=\"guestbook-content owl-single \">\n\n\t\t\t\t\t\t\t\t\t\t<!-- ITEM -->\n\t\t\t\t\t\t<div class=\"guestbook-item\">\n\t\t\t\t\t\t\t\n\t\t\t\t\t\t\t<div class=\"text\">\n\t\t\t\t\t\t\t\t\t\t\t\t\t\t\t\t\t<p>Wij hebben een heerlijke vakantie gehad in Waterrijck Stavoren. Een erg luxe huisje met alles erop en eraan. Een geweldig uitzicht. Wij komen zeker nog een keer terug om weer lekker uit te rusten.<\/p>\n\t\t\t\t\t\t\t\t\n\t\t\t\t\t\t\t\t<span><strong>Geralda<\/strong> <\/span>\t\t\t\t\t\t\t<\/div>\n\t\t\t\t\t\t<\/div>\n\t\t\t\t\t\t<!-- ITEM -->\n\t\t\t\t\t\t\t\t\t\t\t<!-- ITEM -->\n\t\t\t\t\t\t<div class=\"guestbook-item\">\n\t\t\t\t\t\t\t\n\t\t\t\t\t\t\t<div class=\"text\">\n\t\t\t\t\t\t\t\t\t\t\t\t\t\t\t\t\t<p>Fantastisch 8-persoons droomhuis! Schiphuiswoning met alles erop en eraan: woonkeuken, open haard, Turks bad, 3 badkamers, enz. enz.<\/p>\n\t\t\t\t\t\t\t\t\n\t\t\t\t\t\t\t\t<span><strong>Ed<\/strong> <\/span>\t\t\t\t\t\t\t<\/div>\n\t\t\t\t\t\t<\/div>\n\t\t\t\t\t\t<!-- ITEM -->\n\t\t\t\t\t \n\n\t\t\t<\/div>\n\n\t\t\t[\/vc_column][\/vc_row][vc_row full_width=&#8220;stretch_row_content_no_spaces&#8220; css=&#8220;.vc_custom_1529327357350{margin-top: 40px !important;margin-bottom: 80px !important;}&#8220;][vc_column]<div class=\"awe-special-heading text-center\" style=\"padding-bottom:20px;color:#232323;\"><h2>GALLERY<\/h2><\/div><div class=\"gallery\">\t\t\t<!--FILTER -->\n\t\t\t<div class=\"gallery-cat text-center\">\n\t\t\t\t<ul class=\"list-inline\">\n\t\t\t\t\t<li class=\"active\"><a href=\"#\" data-filter=\"*\">All<\/a><\/li>\n\t\t\t\t\t<li><a href=\"https:\/\/www.waterrijck.com\/gallery_cat\/landhuizen\/\" data-filter=\".landhuizen\">Landhuizen<\/a><\/li><li><a href=\"https:\/\/www.waterrijck.com\/gallery_cat\/faciliteiten\/\" data-filter=\".faciliteiten\">Faciliteiten<\/a><\/li><li><a href=\"https:\/\/www.waterrijck.com\/gallery_cat\/schipwoningen\/\" data-filter=\".schipwoningen\">Schipwoningen<\/a><\/li><li><a href=\"https:\/\/www.waterrijck.com\/gallery_cat\/omgeving\/\" data-filter=\".omgeving\">Omgeving<\/a><\/li>\t\t\t\t<\/ul>\n\t\t\t<\/div>\n\t\t\t<!--END \/ FILTER -->\n\t\t\t\t\t<!-- GALLERY CONTENT -->\n\t\t\t<div class=\"gallery-content no-padding\">\n\t\t\t\t<div class=\"row\">\n\t\t\t\t\t<div class=\"gallery-isotope\">\n\t\t\t\t\t\t<!-- ITEM SIZE -->\n\t\t\t\t\t\t<div class=\"item-size col-xs-6 col-sm-4 col-md-3\"><\/div>\n\t\t\t\t\t\t<!-- END \/ ITEM SIZE -->\n\t\t\t\t\t\t<div class=\"item-isotope col-xs-6 col-sm-4 faciliteiten col-md-3\">\n\t\t\t\t<div class=\"gallery_item\">\n\t\t\t\t\t<a href = \"https:\/\/www.waterrijck.com\/wp-content\/uploads\/2015\/08\/faciliteiten-waterrijc1.jpg\" class=\"gallery-popup mfp-image\" title = \"Faciliteiten\" >\n\t\t\t\t\t\t\t<img loading=\"lazy\" decoding=\"async\" width=\"350\" height=\"350\" src=\"https:\/\/www.waterrijck.com\/wp-content\/uploads\/2015\/08\/faciliteiten-waterrijc1-350x350.jpg\" class=\"attachment-awe-gallery-square size-awe-gallery-square wp-post-image\" alt=\"\" srcset=\"https:\/\/www.waterrijck.com\/wp-content\/uploads\/2015\/08\/faciliteiten-waterrijc1-350x350.jpg 350w, https:\/\/www.waterrijck.com\/wp-content\/uploads\/2015\/08\/faciliteiten-waterrijc1-150x150.jpg 150w, https:\/\/www.waterrijck.com\/wp-content\/uploads\/2015\/08\/faciliteiten-waterrijc1-300x300.jpg 300w, https:\/\/www.waterrijck.com\/wp-content\/uploads\/2015\/08\/faciliteiten-waterrijc1-640x640.jpg 640w\" sizes=\"auto, (max-width: 350px) 100vw, 350px\" \/>\n\t\t\t\t\t\t<\/a><a href=\"https:\/\/www.waterrijck.com\/wp-content\/uploads\/2015\/08\/faciliteiten-waterrijc1.jpg\" title=\"Faciliteiten\"><\/a><a href=\"https:\/\/www.waterrijck.com\/wp-content\/uploads\/2015\/08\/faciliteiten-waterrijck-2.jpg\" title=\"Faciliteiten\"><\/a><a href=\"https:\/\/www.waterrijck.com\/wp-content\/uploads\/2015\/08\/faciliteiten-waterrijck.jpg\" title=\"Faciliteiten\"><\/a><h6 class=\"text\">Faciliteiten<span class=\"num_photos\">Total 4 photos<\/span><\/h6>\n\t\t\t\t<\/div>\n\t\t\t<\/div><div class=\"item-isotope col-xs-6 col-sm-4 schipwoningen col-md-3\">\n\t\t\t\t<div class=\"gallery_item\">\n\t\t\t\t\t<a href = \"https:\/\/www.waterrijck.com\/wp-content\/uploads\/2018\/06\/sans_souci_schiphuiswoning.jpg\" class=\"gallery-popup mfp-image\" title = \"Schipwoningen\" >\n\t\t\t\t\t\t\t<img loading=\"lazy\" decoding=\"async\" width=\"350\" height=\"350\" src=\"https:\/\/www.waterrijck.com\/wp-content\/uploads\/2018\/06\/sans_souci_schiphuiswoning-350x350.jpg\" class=\"attachment-awe-gallery-square size-awe-gallery-square wp-post-image\" alt=\"Schipswoning Sans Souci Waterrijck\" srcset=\"https:\/\/www.waterrijck.com\/wp-content\/uploads\/2018\/06\/sans_souci_schiphuiswoning-350x350.jpg 350w, https:\/\/www.waterrijck.com\/wp-content\/uploads\/2018\/06\/sans_souci_schiphuiswoning-150x150.jpg 150w, https:\/\/www.waterrijck.com\/wp-content\/uploads\/2018\/06\/sans_souci_schiphuiswoning-300x300.jpg 300w\" sizes=\"auto, (max-width: 350px) 100vw, 350px\" \/>\n\t\t\t\t\t\t<\/a><a href=\"https:\/\/www.waterrijck.com\/wp-content\/uploads\/2015\/08\/schipwoning-waterrijck.jpg\" title=\"Schipwoningen\"><\/a><a href=\"https:\/\/www.waterrijck.com\/wp-content\/uploads\/2015\/08\/schipwoning-waterrijck-2.jpg\" title=\"Schipwoningen\"><\/a><a href=\"https:\/\/www.waterrijck.com\/wp-content\/uploads\/2015\/08\/schipwoning-waterrijck-1.jpg\" title=\"Schipwoningen\"><\/a><h6 class=\"text\">Schipwoningen<span class=\"num_photos\">Total 4 photos<\/span><\/h6>\n\t\t\t\t<\/div>\n\t\t\t<\/div><div class=\"item-isotope col-xs-6 col-sm-4 landhuizen col-md-3\">\n\t\t\t\t<div class=\"gallery_item\">\n\t\t\t\t\t<a href = \"https:\/\/www.waterrijck.com\/wp-content\/uploads\/2018\/06\/Waterrijck.jpg\" class=\"gallery-popup mfp-image\" title = \"Landhuizen\" >\n\t\t\t\t\t\t\t<img loading=\"lazy\" decoding=\"async\" width=\"350\" height=\"350\" src=\"https:\/\/www.waterrijck.com\/wp-content\/uploads\/2018\/06\/Waterrijck-350x350.jpg\" class=\"attachment-awe-gallery-square size-awe-gallery-square wp-post-image\" alt=\"Waterrijck Stavoren\" srcset=\"https:\/\/www.waterrijck.com\/wp-content\/uploads\/2018\/06\/Waterrijck-350x350.jpg 350w, https:\/\/www.waterrijck.com\/wp-content\/uploads\/2018\/06\/Waterrijck-150x150.jpg 150w, https:\/\/www.waterrijck.com\/wp-content\/uploads\/2018\/06\/Waterrijck-300x300.jpg 300w\" sizes=\"auto, (max-width: 350px) 100vw, 350px\" \/>\n\t\t\t\t\t\t<\/a><a href=\"https:\/\/www.waterrijck.com\/wp-content\/uploads\/2015\/08\/landhuis-waterrijck-1.jpg\" title=\"Landhuizen\"><\/a><a href=\"https:\/\/www.waterrijck.com\/wp-content\/uploads\/2015\/08\/landhuis-waterrijck-3.jpg\" title=\"Landhuizen\"><\/a><a href=\"https:\/\/www.waterrijck.com\/wp-content\/uploads\/2015\/08\/landhuis-waterrijck.jpg\" title=\"Landhuizen\"><\/a><h6 class=\"text\">Landhuizen<span class=\"num_photos\">Total 4 photos<\/span><\/h6>\n\t\t\t\t<\/div>\n\t\t\t<\/div><div class=\"item-isotope col-xs-6 col-sm-4 omgeving col-md-3\">\n\t\t\t\t<div class=\"gallery_item\">\n\t\t\t\t\t<a href = \"https:\/\/www.waterrijck.com\/wp-content\/uploads\/2015\/08\/waterrijck-omgeving.jpg\" class=\"gallery-popup mfp-image\" title = \"Omgeving\" >\n\t\t\t\t\t\t\t<img loading=\"lazy\" decoding=\"async\" width=\"350\" height=\"350\" src=\"https:\/\/www.waterrijck.com\/wp-content\/uploads\/2015\/08\/waterrijck-omgeving-350x350.jpg\" class=\"attachment-awe-gallery-square size-awe-gallery-square wp-post-image\" alt=\"\" srcset=\"https:\/\/www.waterrijck.com\/wp-content\/uploads\/2015\/08\/waterrijck-omgeving-350x350.jpg 350w, https:\/\/www.waterrijck.com\/wp-content\/uploads\/2015\/08\/waterrijck-omgeving-150x150.jpg 150w, https:\/\/www.waterrijck.com\/wp-content\/uploads\/2015\/08\/waterrijck-omgeving-300x300.jpg 300w, https:\/\/www.waterrijck.com\/wp-content\/uploads\/2015\/08\/waterrijck-omgeving-640x640.jpg 640w\" sizes=\"auto, (max-width: 350px) 100vw, 350px\" \/>\n\t\t\t\t\t\t<\/a><a href=\"https:\/\/www.waterrijck.com\/wp-content\/uploads\/2015\/08\/waterrijck-omgeving-1.jpg\" title=\"Omgeving\"><\/a><a href=\"https:\/\/www.waterrijck.com\/wp-content\/uploads\/2015\/08\/waterrijck-omgeving-2.jpg\" title=\"Omgeving\"><\/a><a href=\"https:\/\/www.waterrijck.com\/wp-content\/uploads\/2015\/08\/waterrijck-omgeving.jpg\" title=\"Omgeving\"><\/a><h6 class=\"text\">Omgeving<span class=\"num_photos\">Total 4 photos<\/span><\/h6>\n\t\t\t\t<\/div>\n\t\t\t<\/div><div class=\"item-isotope col-xs-6 col-sm-4 landhuizen col-md-3\">\n\t\t\t\t<div class=\"gallery_item\">\n\t\t\t\t\t<a href = \"https:\/\/www.waterrijck.com\/wp-content\/uploads\/2015\/08\/landhuis-waterrijck-3-1.jpg\" class=\"gallery-popup mfp-image\" title = \"Landhuizen\" >\n\t\t\t\t\t\t\t<img loading=\"lazy\" decoding=\"async\" width=\"350\" height=\"350\" src=\"https:\/\/www.waterrijck.com\/wp-content\/uploads\/2015\/08\/landhuis-waterrijck-3-1-350x350.jpg\" class=\"attachment-awe-gallery-square size-awe-gallery-square wp-post-image\" alt=\"\" srcset=\"https:\/\/www.waterrijck.com\/wp-content\/uploads\/2015\/08\/landhuis-waterrijck-3-1-350x350.jpg 350w, https:\/\/www.waterrijck.com\/wp-content\/uploads\/2015\/08\/landhuis-waterrijck-3-1-150x150.jpg 150w, https:\/\/www.waterrijck.com\/wp-content\/uploads\/2015\/08\/landhuis-waterrijck-3-1-300x300.jpg 300w, https:\/\/www.waterrijck.com\/wp-content\/uploads\/2015\/08\/landhuis-waterrijck-3-1-640x640.jpg 640w\" sizes=\"auto, (max-width: 350px) 100vw, 350px\" \/>\n\t\t\t\t\t\t<\/a><a href=\"https:\/\/www.waterrijck.com\/wp-content\/uploads\/2015\/08\/landhuis-waterrijck-1-1.jpg\" title=\"Landhuizen\"><\/a><a href=\"https:\/\/www.waterrijck.com\/wp-content\/uploads\/2015\/08\/landhuis-waterrijck-3-1.jpg\" title=\"Landhuizen\"><\/a><a href=\"https:\/\/www.waterrijck.com\/wp-content\/uploads\/2015\/08\/landhuis-waterrijck-2.jpg\" title=\"Landhuizen\"><\/a><h6 class=\"text\">Landhuizen<span class=\"num_photos\">Total 4 photos<\/span><\/h6>\n\t\t\t\t<\/div>\n\t\t\t<\/div><div class=\"item-isotope col-xs-6 col-sm-4 faciliteiten col-md-3\">\n\t\t\t\t<div class=\"gallery_item\">\n\t\t\t\t\t<a href = \"https:\/\/www.waterrijck.com\/wp-content\/uploads\/2015\/08\/waterrijck-interieur.jpg\" class=\"gallery-popup mfp-image\" title = \"Interieurs\" >\n\t\t\t\t\t\t\t<img loading=\"lazy\" decoding=\"async\" width=\"350\" height=\"350\" src=\"https:\/\/www.waterrijck.com\/wp-content\/uploads\/2015\/08\/waterrijck-interieur-350x350.jpg\" class=\"attachment-awe-gallery-square size-awe-gallery-square wp-post-image\" alt=\"\" srcset=\"https:\/\/www.waterrijck.com\/wp-content\/uploads\/2015\/08\/waterrijck-interieur-350x350.jpg 350w, https:\/\/www.waterrijck.com\/wp-content\/uploads\/2015\/08\/waterrijck-interieur-150x150.jpg 150w, https:\/\/www.waterrijck.com\/wp-content\/uploads\/2015\/08\/waterrijck-interieur-300x300.jpg 300w, https:\/\/www.waterrijck.com\/wp-content\/uploads\/2015\/08\/waterrijck-interieur-640x640.jpg 640w\" sizes=\"auto, (max-width: 350px) 100vw, 350px\" \/>\n\t\t\t\t\t\t<\/a><a href=\"https:\/\/www.waterrijck.com\/wp-content\/uploads\/2015\/08\/waterrijck-interieur-1.jpg\" title=\"Interieurs\"><\/a><a href=\"https:\/\/www.waterrijck.com\/wp-content\/uploads\/2015\/08\/waterrijck-interieur-2.jpg\" title=\"Interieurs\"><\/a><a href=\"https:\/\/www.waterrijck.com\/wp-content\/uploads\/2015\/08\/waterrijck-interieur.jpg\" title=\"Interieurs\"><\/a><h6 class=\"text\">Interieurs<span class=\"num_photos\">Total 4 photos<\/span><\/h6>\n\t\t\t\t<\/div>\n\t\t\t<\/div><div class=\"item-isotope col-xs-6 col-sm-4 faciliteiten col-md-3\">\n\t\t\t\t<div class=\"gallery_item\">\n\t\t\t\t\t<a href = \"https:\/\/www.waterrijck.com\/wp-content\/uploads\/2015\/08\/faciliteiten-waterrijck-2-1.jpg\" class=\"gallery-popup mfp-image\" title = \"Faciliteiten rondom Waterrijck\" >\n\t\t\t\t\t\t\t<img loading=\"lazy\" decoding=\"async\" width=\"350\" height=\"350\" src=\"https:\/\/www.waterrijck.com\/wp-content\/uploads\/2015\/08\/faciliteiten-waterrijck-2-1-350x350.jpg\" class=\"attachment-awe-gallery-square size-awe-gallery-square wp-post-image\" alt=\"\" srcset=\"https:\/\/www.waterrijck.com\/wp-content\/uploads\/2015\/08\/faciliteiten-waterrijck-2-1-350x350.jpg 350w, https:\/\/www.waterrijck.com\/wp-content\/uploads\/2015\/08\/faciliteiten-waterrijck-2-1-150x150.jpg 150w, https:\/\/www.waterrijck.com\/wp-content\/uploads\/2015\/08\/faciliteiten-waterrijck-2-1-300x300.jpg 300w, https:\/\/www.waterrijck.com\/wp-content\/uploads\/2015\/08\/faciliteiten-waterrijck-2-1-640x640.jpg 640w\" sizes=\"auto, (max-width: 350px) 100vw, 350px\" \/>\n\t\t\t\t\t\t<\/a><a href=\"https:\/\/www.waterrijck.com\/wp-content\/uploads\/2015\/08\/faciliteiten-waterrijc1-1.jpg\" title=\"Faciliteiten rondom Waterrijck\"><\/a><a href=\"https:\/\/www.waterrijck.com\/wp-content\/uploads\/2015\/08\/faciliteiten-waterrijck-2-1.jpg\" title=\"Faciliteiten rondom Waterrijck\"><\/a><a href=\"https:\/\/www.waterrijck.com\/wp-content\/uploads\/2015\/08\/faciliteiten-waterrijck-1.jpg\" title=\"Faciliteiten rondom Waterrijck\"><\/a><h6 class=\"text\">Faciliteiten rondom Waterrijck<span class=\"num_photos\">Total 4 photos<\/span><\/h6>\n\t\t\t\t<\/div>\n\t\t\t<\/div><div class=\"item-isotope col-xs-6 col-sm-4 omgeving col-md-3\">\n\t\t\t\t<div class=\"gallery_item\">\n\t\t\t\t\t<a href = \"https:\/\/www.waterrijck.com\/wp-content\/uploads\/2015\/08\/waterrijck-omgeving-2-1.jpg\" class=\"gallery-popup mfp-image\" title = \"Omgeving\" >\n\t\t\t\t\t\t\t<img loading=\"lazy\" decoding=\"async\" width=\"350\" height=\"350\" src=\"https:\/\/www.waterrijck.com\/wp-content\/uploads\/2015\/08\/waterrijck-omgeving-2-1-350x350.jpg\" class=\"attachment-awe-gallery-square size-awe-gallery-square wp-post-image\" alt=\"\" srcset=\"https:\/\/www.waterrijck.com\/wp-content\/uploads\/2015\/08\/waterrijck-omgeving-2-1-350x350.jpg 350w, https:\/\/www.waterrijck.com\/wp-content\/uploads\/2015\/08\/waterrijck-omgeving-2-1-150x150.jpg 150w, https:\/\/www.waterrijck.com\/wp-content\/uploads\/2015\/08\/waterrijck-omgeving-2-1-300x300.jpg 300w, https:\/\/www.waterrijck.com\/wp-content\/uploads\/2015\/08\/waterrijck-omgeving-2-1-640x640.jpg 640w\" sizes=\"auto, (max-width: 350px) 100vw, 350px\" \/>\n\t\t\t\t\t\t<\/a><a href=\"https:\/\/www.waterrijck.com\/wp-content\/uploads\/2015\/08\/waterrijck-omgeving-3.jpg\" title=\"Omgeving\"><\/a><a href=\"https:\/\/www.waterrijck.com\/wp-content\/uploads\/2015\/08\/waterrijck-omgeving-2-1.jpg\" title=\"Omgeving\"><\/a><a href=\"https:\/\/www.waterrijck.com\/wp-content\/uploads\/2015\/08\/waterrijck-omgeving-1-1.jpg\" title=\"Omgeving\"><\/a><h6 class=\"text\">Omgeving<span class=\"num_photos\">Total 4 photos<\/span><\/h6>\n\t\t\t\t<\/div>\n\t\t\t<\/div>\t\t\t\t\t<\/div>\n\t\t\t\t<\/div>\n\t\t\t\t\t\t\t<div class=\"our-gallery text-center js-loadmore\" style=display:none>\n\t\t\t\t<a class=\"more awe-btn awe-btn-6\" href=\"#\" data-cats=\"15, 19, 16, 20\"\n\t\t\t\t\tdata-page=\"1\"\n\t\t\t\t\tdata-max=\"1\"\n\t\t\t\t\tdata-num=\"8\"\n\t\t\t\t\tdata-size=\"awe-gallery-square\"\n\t\t\t\t\tdata-column=\"col-md-3\"\n\t\t\t\t>View More<\/a>\n\t\t\t<\/div>\n\t\t\t\t\t\t<\/div>\n\t\t\t<!-- GALLERY CONTENT -->\n\t\t\t<\/div > <div class=\"awe-btn-container awe-btn-center\"><a class=\"awe-btn awe-btn-normal awe-btn-outline\" href=\"\/de\/fotos-waterrijck\/\" title=\"\" style=\"color:;border-color:;\">MEHR FOTOS<\/a><\/div>[\/vc_column][\/vc_row]<\/p>\n","protected":false},"excerpt":{"rendered":"<p>[vc_row full_width=&#8220;stretch_row_content_no_spaces&#8220; enable_overlay=&#8220;&#8220; el_class=&#8220;awe-table&#8220; css=&#8220;.vc_custom_1477907238985{margin-bottom: 0px !important;}&#8220;][vc_column][rev_slider_vc alias=&#8220;home-slider-du&#8220;][\/vc_column][\/vc_row][vc_row css=&#8220;.vc_custom_1529327330220{margin-top: 40px !important;margin-bottom: 40px !important;}&#8220;][vc_column width=&#8220;1\/2&#8243;][vc_column_text size=&#8220;0&#8243;]M\u00f6chten Sie das wasserreiche Friesland erleben? In den Ferienwohnungen von Waterrijck Stavoren l\u00e4sst es sich herrlich komfortabel entspannen. Der kleine, \u00fcbersichtliche Park liegt nur circa 200 Meter vom IJsselmeer und dem friesischen Hansest\u00e4dtchen Stavoren entfernt. Die Ferienh\u00e4user sind im Landhausstil oder &hellip;<\/p>\n","protected":false},"author":1,"featured_media":0,"parent":0,"menu_order":0,"comment_status":"closed","ping_status":"closed","template":"","meta":{"footnotes":""},"class_list":["post-4466","page","type-page","status-publish","hentry"],"yoast_head":"<!-- This site is optimized with the Yoast SEO plugin v26.4 - https:\/\/yoast.com\/wordpress\/plugins\/seo\/ -->\n<title>Home - Waterrijck Stavoren<\/title>\n<meta name=\"robots\" content=\"index, follow, max-snippet:-1, max-image-preview:large, max-video-preview:-1\" \/>\n<link rel=\"canonical\" href=\"https:\/\/www.waterrijck.com\/de\/\" \/>\n<meta property=\"og:locale\" content=\"de_DE\" \/>\n<meta property=\"og:type\" content=\"article\" \/>\n<meta property=\"og:title\" content=\"Home - Waterrijck Stavoren\" \/>\n<meta property=\"og:description\" content=\"[vc_row full_width=&#8220;stretch_row_content_no_spaces&#8220; enable_overlay=&#8220;&#8220; el_class=&#8220;awe-table&#8220; css=&#8220;.vc_custom_1477907238985{margin-bottom: 0px !important;}&#8220;][vc_column][rev_slider_vc alias=&#8220;home-slider-du&#8220;][\/vc_column][\/vc_row][vc_row css=&#8220;.vc_custom_1529327330220{margin-top: 40px !important;margin-bottom: 40px !important;}&#8220;][vc_column width=&#8220;1\/2&#8243;][vc_column_text size=&#8220;0&#8243;]M\u00f6chten Sie das wasserreiche Friesland erleben? In den Ferienwohnungen von Waterrijck Stavoren l\u00e4sst es sich herrlich komfortabel entspannen. Der kleine, \u00fcbersichtliche Park liegt nur circa 200 Meter vom IJsselmeer und dem friesischen Hansest\u00e4dtchen Stavoren entfernt. Die Ferienh\u00e4user sind im Landhausstil oder &hellip;\" \/>\n<meta property=\"og:url\" content=\"https:\/\/www.waterrijck.com\/de\/\" \/>\n<meta property=\"og:site_name\" content=\"Waterrijck Stavoren\" \/>\n<meta property=\"article:modified_time\" content=\"2020-01-14T13:05:07+00:00\" \/>\n<meta name=\"twitter:card\" content=\"summary_large_image\" \/>\n<meta name=\"twitter:label1\" content=\"Gesch\u00e4tzte Lesezeit\" \/>\n\t<meta name=\"twitter:data1\" content=\"4\u00a0Minuten\" \/>\n<script type=\"application\/ld+json\" class=\"yoast-schema-graph\">{\"@context\":\"https:\/\/schema.org\",\"@graph\":[{\"@type\":\"WebPage\",\"@id\":\"https:\/\/www.waterrijck.com\/de\/\",\"url\":\"https:\/\/www.waterrijck.com\/de\/\",\"name\":\"Home - Waterrijck Stavoren\",\"isPartOf\":{\"@id\":\"https:\/\/www.waterrijck.com\/de\/#website\"},\"datePublished\":\"2015-08-22T10:30:25+00:00\",\"dateModified\":\"2020-01-14T13:05:07+00:00\",\"breadcrumb\":{\"@id\":\"https:\/\/www.waterrijck.com\/de\/#breadcrumb\"},\"inLanguage\":\"de\",\"potentialAction\":[{\"@type\":\"ReadAction\",\"target\":[\"https:\/\/www.waterrijck.com\/de\/\"]}]},{\"@type\":\"BreadcrumbList\",\"@id\":\"https:\/\/www.waterrijck.com\/de\/#breadcrumb\",\"itemListElement\":[{\"@type\":\"ListItem\",\"position\":1,\"name\":\"Home\",\"item\":\"https:\/\/www.waterrijck.com\/de\/\"},{\"@type\":\"ListItem\",\"position\":2,\"name\":\"Home\"}]},{\"@type\":\"WebSite\",\"@id\":\"https:\/\/www.waterrijck.com\/de\/#website\",\"url\":\"https:\/\/www.waterrijck.com\/de\/\",\"name\":\"Waterrijck Stavoren\",\"description\":\"Recre\u00ebren op Topniveau!\",\"publisher\":{\"@id\":\"https:\/\/www.waterrijck.com\/de\/#organization\"},\"potentialAction\":[{\"@type\":\"SearchAction\",\"target\":{\"@type\":\"EntryPoint\",\"urlTemplate\":\"https:\/\/www.waterrijck.com\/de\/?s={search_term_string}\"},\"query-input\":{\"@type\":\"PropertyValueSpecification\",\"valueRequired\":true,\"valueName\":\"search_term_string\"}}],\"inLanguage\":\"de\"},{\"@type\":\"Organization\",\"@id\":\"https:\/\/www.waterrijck.com\/de\/#organization\",\"name\":\"Waterrijck Stavoren\",\"url\":\"https:\/\/www.waterrijck.com\/de\/\",\"logo\":{\"@type\":\"ImageObject\",\"inLanguage\":\"de\",\"@id\":\"https:\/\/www.waterrijck.com\/de\/#\/schema\/logo\/image\/\",\"url\":\"https:\/\/www.waterrijck.com\/wp-content\/uploads\/2018\/06\/logo-waterrijck-diap.png\",\"contentUrl\":\"https:\/\/www.waterrijck.com\/wp-content\/uploads\/2018\/06\/logo-waterrijck-diap.png\",\"width\":114,\"height\":114,\"caption\":\"Waterrijck Stavoren\"},\"image\":{\"@id\":\"https:\/\/www.waterrijck.com\/de\/#\/schema\/logo\/image\/\"}}]}<\/script>\n<!-- \/ Yoast SEO plugin. -->","yoast_head_json":{"title":"Home - Waterrijck Stavoren","robots":{"index":"index","follow":"follow","max-snippet":"max-snippet:-1","max-image-preview":"max-image-preview:large","max-video-preview":"max-video-preview:-1"},"canonical":"https:\/\/www.waterrijck.com\/de\/","og_locale":"de_DE","og_type":"article","og_title":"Home - Waterrijck Stavoren","og_description":"[vc_row full_width=&#8220;stretch_row_content_no_spaces&#8220; enable_overlay=&#8220;&#8220; el_class=&#8220;awe-table&#8220; css=&#8220;.vc_custom_1477907238985{margin-bottom: 0px !important;}&#8220;][vc_column][rev_slider_vc alias=&#8220;home-slider-du&#8220;][\/vc_column][\/vc_row][vc_row css=&#8220;.vc_custom_1529327330220{margin-top: 40px !important;margin-bottom: 40px !important;}&#8220;][vc_column width=&#8220;1\/2&#8243;][vc_column_text size=&#8220;0&#8243;]M\u00f6chten Sie das wasserreiche Friesland erleben? In den Ferienwohnungen von Waterrijck Stavoren l\u00e4sst es sich herrlich komfortabel entspannen. Der kleine, \u00fcbersichtliche Park liegt nur circa 200 Meter vom IJsselmeer und dem friesischen Hansest\u00e4dtchen Stavoren entfernt. Die Ferienh\u00e4user sind im Landhausstil oder &hellip;","og_url":"https:\/\/www.waterrijck.com\/de\/","og_site_name":"Waterrijck Stavoren","article_modified_time":"2020-01-14T13:05:07+00:00","twitter_card":"summary_large_image","twitter_misc":{"Gesch\u00e4tzte Lesezeit":"4\u00a0Minuten"},"schema":{"@context":"https:\/\/schema.org","@graph":[{"@type":"WebPage","@id":"https:\/\/www.waterrijck.com\/de\/","url":"https:\/\/www.waterrijck.com\/de\/","name":"Home - Waterrijck Stavoren","isPartOf":{"@id":"https:\/\/www.waterrijck.com\/de\/#website"},"datePublished":"2015-08-22T10:30:25+00:00","dateModified":"2020-01-14T13:05:07+00:00","breadcrumb":{"@id":"https:\/\/www.waterrijck.com\/de\/#breadcrumb"},"inLanguage":"de","potentialAction":[{"@type":"ReadAction","target":["https:\/\/www.waterrijck.com\/de\/"]}]},{"@type":"BreadcrumbList","@id":"https:\/\/www.waterrijck.com\/de\/#breadcrumb","itemListElement":[{"@type":"ListItem","position":1,"name":"Home","item":"https:\/\/www.waterrijck.com\/de\/"},{"@type":"ListItem","position":2,"name":"Home"}]},{"@type":"WebSite","@id":"https:\/\/www.waterrijck.com\/de\/#website","url":"https:\/\/www.waterrijck.com\/de\/","name":"Waterrijck Stavoren","description":"Recre\u00ebren op Topniveau!","publisher":{"@id":"https:\/\/www.waterrijck.com\/de\/#organization"},"potentialAction":[{"@type":"SearchAction","target":{"@type":"EntryPoint","urlTemplate":"https:\/\/www.waterrijck.com\/de\/?s={search_term_string}"},"query-input":{"@type":"PropertyValueSpecification","valueRequired":true,"valueName":"search_term_string"}}],"inLanguage":"de"},{"@type":"Organization","@id":"https:\/\/www.waterrijck.com\/de\/#organization","name":"Waterrijck Stavoren","url":"https:\/\/www.waterrijck.com\/de\/","logo":{"@type":"ImageObject","inLanguage":"de","@id":"https:\/\/www.waterrijck.com\/de\/#\/schema\/logo\/image\/","url":"https:\/\/www.waterrijck.com\/wp-content\/uploads\/2018\/06\/logo-waterrijck-diap.png","contentUrl":"https:\/\/www.waterrijck.com\/wp-content\/uploads\/2018\/06\/logo-waterrijck-diap.png","width":114,"height":114,"caption":"Waterrijck Stavoren"},"image":{"@id":"https:\/\/www.waterrijck.com\/de\/#\/schema\/logo\/image\/"}}]}},"_links":{"self":[{"href":"https:\/\/www.waterrijck.com\/de\/wp-json\/wp\/v2\/pages\/4466","targetHints":{"allow":["GET"]}}],"collection":[{"href":"https:\/\/www.waterrijck.com\/de\/wp-json\/wp\/v2\/pages"}],"about":[{"href":"https:\/\/www.waterrijck.com\/de\/wp-json\/wp\/v2\/types\/page"}],"author":[{"embeddable":true,"href":"https:\/\/www.waterrijck.com\/de\/wp-json\/wp\/v2\/users\/1"}],"replies":[{"embeddable":true,"href":"https:\/\/www.waterrijck.com\/de\/wp-json\/wp\/v2\/comments?post=4466"}],"version-history":[{"count":9,"href":"https:\/\/www.waterrijck.com\/de\/wp-json\/wp\/v2\/pages\/4466\/revisions"}],"predecessor-version":[{"id":4827,"href":"https:\/\/www.waterrijck.com\/de\/wp-json\/wp\/v2\/pages\/4466\/revisions\/4827"}],"wp:attachment":[{"href":"https:\/\/www.waterrijck.com\/de\/wp-json\/wp\/v2\/media?parent=4466"}],"curies":[{"name":"wp","href":"https:\/\/api.w.org\/{rel}","templated":true}]}}